{"id":16,"date":"2019-01-24T13:22:56","date_gmt":"2019-01-24T13:22:56","guid":{"rendered":"https:\/\/concise-h2020.eu\/?page_id=16"},"modified":"2019-12-27T07:48:32","modified_gmt":"2019-12-27T07:48:32","slug":"partners","status":"publish","type":"page","link":"https:\/\/concise-h2020.eu\/es\/partners\/","title":{"rendered":"Socios"},"content":{"rendered":"<p><\/p>\n<div class=\"partners\">\n<p>    <!-- 1. Coordinator - UVEG --><\/p>\n<div class=\"row\" style=\"margin-top: 50px;\">\n<div class=\"col-sm-3\" style=\"margin-top: 70px;\"><img loading=\"lazy\" decoding=\"async\" class=\"alignnone size-full wp-image-44\" src=\"\/wp-content\/uploads\/2019\/03\/Logo-ScienceFlows.jpg\" alt=\"\" width=\"200\" height=\"174\" \/><\/div>\n<div class=\"col-sm-9\">\n<h2 style=\"margin-bottom: 25px;\">Universitat de Vale\u0300ncia<\/h2>\n<p>            La <em>Universitat de Val\u00e8ncia (UV)<\/em> se fund\u00f3 en el a\u00f1o 1499 con las facultades de Teolog\u00eda, Artes, Filosof\u00eda, Medicina y Derecho. Con el paso de los a\u00f1os, se ha convertido en una universidad p\u00fablica europea moderna, orientada a la docencia e investigaci\u00f3n en casi todos los \u00e1mbitos del conocimiento.<br \/>\n            La UV re\u00fane 45800 estudiantes de grado y 8600 postgraduados que se distribuyen en tres campus ubicados en Valencia y su \u00e1rea metropolitana: el Campus articulado por la Avenida Blasco Ib\u00e1\u00f1ez, el Campus dels Tarongers y el Campus de Burjassot-Paterna. La universidad cuenta con cerca de 3300 docentes e investigadores de 90 departamentos, 17 institutos y otras unidades de investigaci\u00f3n, que son asistidos en su trabajo por alrededor de 1700 personas que conforman el personal de servicios y administraci\u00f3n. Sus bibliotecas albergan aproximadamente un mill\u00f3n y medio de libros y est\u00e1n suscritas a m\u00e1s de 26000 revistas, adem\u00e1s de proporcionar 4300 puestos de lectura para sus casi 60000 usuarios\/as. A parte de su personal, sus instalaciones est\u00e1n equipadas con todo lo necesario para llevar a cabo investigaci\u00f3n y docencia al m\u00e1s alto nivel, siempre al servicio de la sociedad.<\/p>\n<p>            La Universitat participa activamente en multitud de iniciativas internacionales de car\u00e1cter cient\u00edfico y tecnol\u00f3gico y tiene experiencia en el desarrollo y la gesti\u00f3n de m\u00e1s de 150 proyectos europeos de diferentes programas: RTD European (I-VII) Framework Programmes, HORIZON 2020, Lifelong Learning Programme (Erasmus, Socrates, Leonardo) y Erasmus+.<\/p>\n<p>            El grupo de la UV que coordina este proyecto, ScienceFlows, es un grupo especializado en el estudio de la comprensi\u00f3n p\u00fablica de la ciencia, la percepci\u00f3n social, la divulgaci\u00f3n cient\u00edfica, la historia de la ciencia y la cultura cient\u00edfica contempor\u00e1nea. <strong>Sus responsabilidades en CONCISE son las siguientes:<\/strong><\/p>\n<ul>\n<li>Coordinaci\u00f3n del proyecto y l\u00edder de WP5 y WP6.<\/li>\n<li>L\u00edder de las actividades de comunicaci\u00f3n y diseminaci\u00f3n dirigidas a la comunidad cient\u00edfica y tecnol\u00f3gica (universidades, sociedades cient\u00edficas, organismos de investigaci\u00f3n)<\/li>\n<li>Participaci\u00f3n activa en la preparaci\u00f3n, an\u00e1lisis y desarrollo de todas las consultas ciudadanas.<\/li>\n<\/ul>\n<div class=\"contact\">\n<p>                <strong>Sitio web:<\/strong> <a href=\"http:\/\/scienceflows.com\/en\/\" target=\"_blank\" rel=\"noopener noreferrer\">www.scienceflows.com<\/a><\/p><\/div>\n<\/p><\/div>\n<\/p><\/div>\n<p>    <!-- \/\/ 1. Coordinator --> <!-- 2. Partner - Observa --><\/p>\n<div class=\"row\" style=\"margin-top: 50px;\">\n<div class=\"col-sm-3\" style=\"margin-top: 70px;\"><img loading=\"lazy\" decoding=\"async\" class=\"alignnone size-full wp-image-44\" src=\"\/wp-content\/uploads\/2019\/03\/Observa.jpg\" alt=\"\" width=\"200\" height=\"174\" \/><\/div>\n<div class=\"col-sm-9\">\n<h2 style=\"margin-bottom: 25px;\">Observa Science in Society<\/h2>\n<div style=\"text-align: left;\">\n<p>                <strong>Observa Science in Society<\/strong> es un centro de investigaci\u00f3n, sin \u00e1nimo de lucro, independiente y reconocido legalmente que promueve el estudio y el debate sobre la interacci\u00f3n entre ciencia, tecnolog\u00eda y sociedad con el objetivo de promover el di\u00e1logo entre investigadores, legisladores y ciudadan\u00eda.<br \/>\n                Las actividades de Observa est\u00e1n supervisadas por un comit\u00e9 cient\u00edfico <a href=\"https:\/\/www.observa.it\/about-us\/?lang=en#scientificcommittee\" target=\"_blank\" rel=\"noopener noreferrer\"><strong>internacional e interdisciplinario.<\/strong><\/a><br \/>\n                Sus actividades se centran en tres \u00e1reas principales: <strong>comunicaci\u00f3n cient\u00edfica; investigaci\u00f3n e innovaci\u00f3n pol\u00edtica; ciencia, ciudadan\u00eda y tecnolog\u00eda.<\/strong><\/p>\n<p>                Observa pertenece a las principales redes internacionales implicadas en cuestiones de ciencia en la sociedad, entre las que se incluyen: <a href=\"http:\/\/www.esconet.org\/\" target=\"blank\" rel=\"noopener noreferrer\">ESCoNet<\/a> ESCoNet (Red de Formaci\u00f3n de Comunicadores de Ciencia europeos), Science and the City, <a href=\"http:\/\/www.mappingcontroversies.net\/\" target=\"_blank\" rel=\"noopener noreferrer\">MACOSPOL<\/a> (Mapping Controversies On Science for POLitics) y la red de instituciones coordinada por la <a href=\"http:\/\/www2.lse.ac.uk\/home.aspx\" target=\"_blank\" rel=\"noopener noreferrer\">London School of Economics and Political Science<\/a>, quien analiza las tendencias globales en la percepci\u00f3n p\u00fablica y cobertura medi\u00e1tica de la ciencia y la tecnolog\u00eda.<\/p><\/div>\n<div class=\"contact\">\n<p>                <strong>P\u00e1gina web:<\/strong> <a href=\"https:\/\/www.observa.it\/?lang=en\" target=\"_blank\" rel=\"noopener noreferrer\">www.observa.it<\/a><\/p><\/div>\n<\/p><\/div>\n<\/p><\/div>\n<p>    <!-- \/\/ 2. Partner - Observa --> <!-- 3. Partner - Trnava --><\/p>\n<div class=\"row\" style=\"margin-top: 50px;\">\n<div class=\"col-sm-3\" style=\"margin-top: 70px;\"><img loading=\"lazy\" decoding=\"async\" class=\"alignnone size-full wp-image-44\" src=\"\/wp-content\/uploads\/2019\/03\/LOGO_TU.jpg\" alt=\"\" width=\"200\" height=\"174\" \/><\/div>\n<div class=\"col-sm-9\">\n<h2 style=\"margin-bottom: 25px;\">Universidad de Trnava<\/h2>\n<p>            La Universidad de Trnava es una universidad moderna con una larga tradici\u00f3n y gran patrimonio. La Universidad de Trnava, fundada en el siglo XVII, ofreci\u00f3 educaci\u00f3n a estudiantes de muchas naciones y desempe\u00f1\u00f3 un papel importante en la historia de Europa Central, contribuyendo de forma significativa al desarrollo de la educaci\u00f3n y cultura europea. Trnava fue la primera ciudad en el territorio de la Eslovaquia actual, que obtuvo privilegios de ciudad real libre en 1238 por el rey h\u00fangaro Belo IV. Los 142 a\u00f1os de existencia de la primera Universidad en el Reino multi\u00e9tnico de Hungr\u00eda represent\u00f3 un cap\u00edtulo de oro en la historia de la ciudad.<br \/>\n            La Universidad de Trnava reabri\u00f3 sus actividades en Trnava en 1992. Es una universidad p\u00fablica con cinco facultades. La Facultad de Filosof\u00eda y Arte fue una de las facultades fundadoras de la actual Universidad. Desde su creaci\u00f3n, se ha convertido en una conocida instituci\u00f3n de ciencia y educaci\u00f3n en la que se combinan la tradici\u00f3n y los nuevos enfoques. La misi\u00f3n principal de la Facultad de Filosof\u00eda y Arte, constituida por nueve departamentos, es promover la educaci\u00f3n universitaria en filosof\u00eda, humanidades, ciencias sociales y arte. El objetivo de la facultad es preparar especialistas en arqueolog\u00eda cl\u00e1sica, lenguas cl\u00e1sicas, estudios cognitivos, aspectos \u00e9ticos, historia, historia del arte y cultura, filosof\u00eda, ciencias pol\u00edticas, psicolog\u00eda y sociolog\u00eda. El sistema de grados universitario consiste en programas de estudio de grado, m\u00e1ster y doctorado. La Universidad de Trnava participa de forma activa en el Proceso de Bologna y la Facultad de Filosof\u00eda coopera con instituciones de todas partes del mundo.<\/p>\n<div class=\"contact\"><strong>P\u00e1gina web:<\/strong> <a href=\"http:\/\/ff.truni.sk\/\" target=\"_blank\" rel=\"noopener noreferrer\">ff.truni.sk<\/a><\/div>\n<\/p><\/div>\n<\/p><\/div>\n<p>    <!-- \/\/ 3. Partner - Trnava --> <!-- 4. Partner - FyG --><\/p>\n<div class=\"row\" style=\"margin-top: 50px;\">\n<div class=\"col-sm-3\" style=\"margin-top: 45px;\"><img loading=\"lazy\" decoding=\"async\" class=\"alignnone size-full wp-image-44\" src=\"\/wp-content\/uploads\/2019\/03\/FyG.jpg\" alt=\"\" width=\"200\" height=\"174\" \/><\/div>\n<div class=\"col-sm-9\">\n<h2 style=\"margin-bottom: 25px;\">FYG<\/h2>\n<p>            Instalofi Levante S.L. (FyG consultores) es una empresa privada espa\u00f1ola de formaci\u00f3n de alto nivel, pionera en la co-creaci\u00f3n con empresas, adultos y j\u00f3venes en la formaci\u00f3n en conceptos innovadores, creaci\u00f3n de negocios, empleabilidad, habilidades b\u00e1sicas, alfabetizaci\u00f3n y finanzas, emprendimiento y capacitaci\u00f3n en habilidades blandas y duras.<\/p>\n<p>            FyG est\u00e1 especializada en el desarrollo de negocios y soluciones innovadoras relacionadas, entre otros, con la provisi\u00f3n de cursos de formaci\u00f3n a PYMES, emprendedores y start-ups. Fundada en 2001, FyG cuenta con presencia internacional, ayudando a las empresas a definir estrategias que les permitan crecer en mercados extranjeros. FyG tambi\u00e9n act\u00faa activamente como una empresa de educaci\u00f3n y formaci\u00f3n que promueve y mejora el desarrollo de adultos y grupos desfavorecidos.<\/p>\n<p>            En los \u00faltimos a\u00f1os, FyG ha desarrollado e implementado varios proyectos europeos a trav\u00e9s del programa Erasmus + y COSME, que se ocupan de la creaci\u00f3n y desarrollo de empresas, la empleabilidad, la gesti\u00f3n, la formaci\u00f3n de start-ups, internacionalizaci\u00f3n, gamificaci\u00f3n e innovaci\u00f3n de la formaci\u00f3n emprendedora. En la actualidad, FYG colabora con una amplia gama de actores econ\u00f3micos, tanto p\u00fablicos como privados.<\/p>\n<div class=\"contact\">\n<p>                <strong>P\u00e1gina web:<\/strong> <a href=\"http:\/\/www.fygconsultores.com\/\" target=\"_blank\" rel=\"noopener noreferrer\">www.fygconsultores.com<\/a><\/p><\/div>\n<\/p><\/div>\n<\/p><\/div>\n<p>    <!-- \/\/ 4. Partner - FyG --> <!-- 5. Partner - Danmar --><\/p>\n<div class=\"row\" style=\"margin-top: 50px;\">\n<div class=\"col-sm-3\" style=\"margin-top: 55px;\"><img loading=\"lazy\" decoding=\"async\" class=\"alignnone size-full wp-image-44\" src=\"\/wp-content\/uploads\/2019\/01\/logo-DANMAR.png\" alt=\"\" width=\"200\" height=\"174\" \/><\/div>\n<div class=\"col-sm-9\">\n<h2 style=\"margin-bottom: 25px;\">Danmar Computers<\/h2>\n<p>            Danmar Computers. Danmar Computers LLC es una empresa privada que opera y ofrece formaci\u00f3n en el campo de la tecnolog\u00eda de la informaci\u00f3n. Danmar tiene una amplia experiencia en el desarrollo de aplicaciones web y m\u00f3viles con fines educativos. Danmar tambi\u00e9n tiene una larga trayectoria en proyectos europeos, en los que el personal de I+D de la empresa investiga y dise\u00f1a formaciones adaptadas a las necesidades de los alumnos. A lo largo de 15 a\u00f1os, Danmar ha implementado con \u00e9xito m\u00e1s de 50 proyectos en los programas Grundtvig, Leonardo da Vinci, Progress y, recientemente, Erasmus +. En muchos de estos proyectos, Danmar se ha responsabilizado de dise\u00f1ar y coordinar estrategias de divulgaci\u00f3n. Danmar Computers es el desarrollador y proveedor de AdminProject (adminproject.eu), un programa en l\u00ednea para la gesti\u00f3n de proyectos europeos. Todas las actividades de la empresa se basan en una red de cooperaci\u00f3n amplia y bien establecida, tanto a nivel nacional como internacional. La red nacional de Danmar incluye instituciones de formaci\u00f3n y asesoramiento, universidades, escuelas, organizaciones no gubernamentales y empresas del sector privado. La red internacional incluye socios de diversos perfiles procedentes de todos los pa\u00edses de la Uni\u00f3n Europea. La misi\u00f3n de Danmar Computers es promover la educaci\u00f3n de por vida y garantizar la igualdad en el acceso a la educaci\u00f3n mediante el uso de la tecnolog\u00eda moderna.<\/p>\n<div class=\"contact\">\n<p>                <strong>Sitio web:<\/strong> <a href=\"https:\/\/www.danmar-computers.com.pl\/\" target=\"_blank\" rel=\"noopener noreferrer\">www.danmar-computers.com.pl<\/a><\/p><\/div>\n<\/p><\/div>\n<\/p><\/div>\n<p>    <!-- \/\/5. Partner - Danmar --><br \/>\n    <!-- 6. Partner - Instituto de Ci\u00eancias Sociais da Universidade de Lisboa --><\/p>\n<div class=\"row\" style=\"margin-top: 50px;\">\n<div class=\"col-sm-3\" style=\"margin-top: 100px;\"><img loading=\"lazy\" decoding=\"async\" class=\"alignnone size-full wp-image-44\" src=\"\/wp-content\/uploads\/2019\/03\/Logo_ICS.jpg\" alt=\"\" width=\"200\" height=\"174\" \/><\/div>\n<div class=\"col-sm-9\">\n<h2 style=\"margin-bottom: 25px;\">Instituto de Ciencias Sociales de la Universidad de Lisboa.<\/h2>\n<p>            El Instituto de Ciencias Sociales de la Universidad de Lisboa (ICS) es una instituci\u00f3n universitaria multidisciplinar que produce conocimiento cient\u00edfico sobre las sociedades contempor\u00e1neas. Las tres principales \u00e1reas de actividad del ICS son:<\/p>\n<ol>\n<li>Investigaci\u00f3n, publicada en revistas y libros nacionales e internacionales de renombre y difundida en redes y reuniones cient\u00edficas; <\/li>\n<li>Programas de posgrado, estrechamente relacionados con sus l\u00edneas de investigaci\u00f3n, proyectos en curso y redes de cooperaci\u00f3n internacional;<\/li>\n<li> Divulgaci\u00f3n, en especial a trav\u00e9s de los Observatorios de la Sociedad Portuguesa y las investigaciones que afectan a las pol\u00edticas p\u00fablicas, as\u00ed como estudios encargados a organismos privados y p\u00fablicos. ICS tambi\u00e9n realiza actividades de divulgaci\u00f3n del conocimiento cient\u00edfico orientadas a audiencias no acad\u00e9micas.<\/li>\n<\/ol>\n<p>            Estas actividades son el resultado de la colaboraci\u00f3n entre investigadores de diferentes disciplinas (antropolog\u00eda social y cultural, econom\u00eda, historia, geograf\u00eda humana, ciencias pol\u00edticas, psicolog\u00eda social y sociolog\u00eda), organizados en 7 grupos de investigaci\u00f3n: Imperios, Colonialismo y sociedades postcoloniales; Medio Ambiente, Territorio y Sociedad; Identidades, Culturas, Vulnerabilidades; Curso de vida, Desigualdad y Solidaridad: Pr\u00e1cticas y Pol\u00edticas; Poder, Sociedad y Globalizaci\u00f3n; Reg\u00edmenes e Instituciones Pol\u00edticas; Actitudes y comportamientos sociopol\u00edticos.<\/p>\n<div class=\"contact\">\n                <strong>Sitio web: <a href=\"https:\/\/www.ics.ulisboa.pt\/en\" target=\"_blank\" rel=\"noopener noreferrer\">www.ics.ulisboa.pt<\/a><\/strong>\n            <\/div>\n<\/p><\/div>\n<\/p><\/div>\n<p>    <!-- \/\/ 6. Partner - Instituto de Ci\u00eancias Sociais da Universidade de Lisboa --> <!-- 7. Partner - AECC --><\/p>\n<div class=\"row\" style=\"margin-top: 50px;\">\n<div class=\"col-sm-3\" style=\"margin-top: 100px;\"><img loading=\"lazy\" decoding=\"async\" class=\"alignnone size-full wp-image-44\" src=\"\/wp-content\/uploads\/2019\/03\/logo-AECC-sm.jpg\" alt=\"\" width=\"200\" height=\"174\" \/><\/div>\n<div class=\"col-sm-9\">\n<h2 style=\"margin-bottom: 25px;\">Asociaci\u00f3n Espa\u00f1ola de Comunicaci\u00f3n Cient\u00edfica<\/h2>\n<p>            <strong>Asociaci\u00f3n Espa\u00f1ola de Comunicaci\u00f3n Cient\u00edfica. <\/strong> La Asociaci\u00f3n Espa\u00f1ola de Comunicaci\u00f3n Cient\u00edfica (<a href=\"http:\/\/www.aecomunicacioncientifica.org\/\">AECC<\/a>) es una asociaci\u00f3n sin \u00e1nimo de lucro que promueve el periodismo y la comunicaci\u00f3n cient\u00edfica en Espa\u00f1a, Europa y Am\u00e9rica Latina. La AECC re\u00fane a m\u00e1s de 400 personas dedicadas a la comunicaci\u00f3n y\/o divulgaci\u00f3n de la ciencia en todas sus modalidades.<\/p>\n<p>            Entre los objetivos de la AECC est\u00e1n:<\/p>\n<ol>\n<li>Promover la presencia de informaci\u00f3n cient\u00edfica en los medios de comunicaci\u00f3n.<\/li>\n<li>Estimular el proceso de formaci\u00f3n y actualizaci\u00f3n de periodistas y comunicadores.<\/li>\n<li>Velar por la independencia y la objetividad de los contenidos informativos y la libertad de expresi\u00f3n.<\/li>\n<li>Facilitar el di\u00e1logo y las relaciones con las fuentes de informaci\u00f3n del \u00e1rea.<\/li>\n<li>Representar a las personas asociadas ante organismos p\u00fablicos y entidades privadas.<\/li>\n<\/ol>\n<p>            Las actividades de la AECC se centran en la organizaci\u00f3n de talleres, seminarios, coloquios y eventos entre profesionales de la comunicaci\u00f3n y de la ciencia, donde poder debatir sobre temas cient\u00edficos que deben tratar los profesionales de la comunicaci\u00f3n y establecer v\u00ednculos que faciliten el desarrollo de colaboraciones beneficiosas para la ciencia y la sociedad. La AECC pertenece a la European Union of Science Journalists\u2019 Associations (EUSJA) y la World Federation of Science Journalists (WFSJ).<\/p>\n<p>            La AECC pertenece a la European Union of Science Journalists\u2019 Associations (EUSJA) y la World Federation of Science Journalists (WFSJ).<\/p>\n<div class=\"contact\">\n<p>                <strong>Sitio web<\/strong>: <a href=\"http:\/\/www.aecomunicacioncientifica.org\/\" target=\"_blank\" rel=\"noopener noreferrer\">www.aecomunicacioncientifica.org<br \/>\n            <\/a><\/p><\/div>\n<\/p><\/div>\n<\/p><\/div>\n<p>    <!-- \/\/7. Partner - AECC --> <!-- 8. Partner - University of Lodz --><\/p>\n<div class=\"row\" style=\"margin-top: 50px;\">\n<div class=\"col-sm-3\" style=\"margin-top: 80px;\"><img loading=\"lazy\" decoding=\"async\" class=\"alignnone size-full wp-image-44\" src=\"\/wp-content\/uploads\/2019\/03\/logo_ul_h_en_rgb.jpg\" alt=\"\" width=\"200\" height=\"174\" \/><\/div>\n<div class=\"col-sm-9\">\n<h2 style=\"margin-bottom: 25px;\">University of \u0141\u00f3d\u017a, Faculty of Economics and Sociology<\/h2>\n<p>            La Universidad de \u0141\u00f3d\u017a (U\u0141) se estableci\u00f3 en 1945 y tiene m\u00e1s de 32000 estudiantes y 2200 acad\u00e9micos. Se ubica en \u0141\u00f3d\u017a, que es la tercera ciudad m\u00e1s grande de Polonia en t\u00e9rminos de poblaci\u00f3n (700000 habitantes aprox.). Cuenta con 12 facultades, que cubren 80 campos de estudio. Los cursos se imparten en polaco, ingl\u00e9s y franc\u00e9s, tambi\u00e9n en los niveles de doctorado y posgrado. Actualmente, la universidad est\u00e1 llevando a cabo m\u00e1s de 360 proyectos de investigaci\u00f3n, financiados por la Comisi\u00f3n Europea, el Centro Nacional de Ciencia, el Centro Nacional de Investigaci\u00f3n y Desarrollo, el Ministerio de Ciencia y Educaci\u00f3n Superior, etc. La Universidad est\u00e1 incluida en QS World University Rankings y la Comisi\u00f3n Europea le otorg\u00f3 la distinci\u00f3n de Excelencia en Recursos Humanos para Investigaci\u00f3n. La Universidad tiene una amplia red de cooperaci\u00f3n internacional (161 acuerdos Erasmus + en 23 pa\u00edses y 97 acuerdos internacionales de cooperaci\u00f3n con instituciones de educaci\u00f3n superior). U\u0141 es miembro de la Asociaci\u00f3n Europea de Universidades (EUA), la Alianza de Universidades para la Democracia (AUDEM), INTER-University Dubrovnik, Agencia Universitaria de la Francofon\u00eda (AUF), Asociaci\u00f3n de Escuelas Europeas de Planificaci\u00f3n (AESOP) y Alianza universitaria COPERNICUS-CAMPUS por la sostenibilidad. U\u0141 participa tambi\u00e9n en numerosas redes de universidades europeas basadas en proyectos.<\/p>\n<p>            La Facultad de Econom\u00eda y Sociolog\u00eda se estableci\u00f3 en 1965 y es la m\u00e1s grande de la Universidad de \u0141\u00f3d\u017a, con m\u00e1s de 6000 estudiantes y unos 400 profesores acad\u00e9micos. La investigaci\u00f3n y el trabajo did\u00e1ctico se llevan a cabo en ocho institutos en \u00e1reas tales como: econom\u00eda aplicada e inform\u00e1tica, econometr\u00eda, econom\u00eda, finanzas, econom\u00eda internacional, sociolog\u00eda, econom\u00eda espacial, estad\u00edstica y demograf\u00eda. El personal de la Facultad gestiona con \u00e9xito subvenciones internacionales y proyectos de investigaci\u00f3n y coopera con m\u00e1s de 50 universidades de Europa, Am\u00e9rica del Norte y del Sur y Asia. Es una facultad altamente internacionalizada con abundancia de estudiantes extranjeros, acad\u00e9micos visitantes y proyectos internacionales e iniciativas cient\u00edficas.<\/p>\n<p>            En el proyecto CONCISE, el equipo de Lodz liderar\u00e1 la preparaci\u00f3n y organizaci\u00f3n de las consultas, llevar\u00e1 a cabo la consulta p\u00fablica en Polonia y participar\u00e1 activamente en actividades de comunicaci\u00f3n y difusi\u00f3n de los resultados.<\/p>\n<div class=\"contact\"><strong>Sitio web: <\/strong><a href=\"https:\/\/www.eksoc.uni.lodz.pl\/en\/\" target=\"_blank\" rel=\"noopener noreferrer\">www.eksoc.uni.lodz.pl<\/a><\/div>\n<\/p><\/div>\n<\/p><\/div>\n<p>    <!-- \/\/8. Partner - University of Lodz --> <!-- 9. Universitat Pompeu Fabra --><\/p>\n<div class=\"row\" style=\"margin-top: 50px;\">\n<div class=\"col-sm-3\" style=\"margin-top: 110px;\"><img loading=\"lazy\" decoding=\"async\" class=\"alignnone size-full wp-image-44\" src=\"\/wp-content\/uploads\/2019\/03\/CCS_veng.jpg\" alt=\"\" width=\"250\" height=\"174\" \/><\/div>\n<div class=\"col-sm-9\">\n<h2 style=\"margin-bottom: 25px;\">Centro de Estudios de Ciencia, Comunicaci\u00f3n y Sociedad (CCS-UPF)<\/h2>\n<p>            Es un centro de estudios que pertenece al Departamento de Ciencias Experimentales y de la Salud de la Universitat Pompeu Fabra (UPF). Tiene como misi\u00f3n principal el acercamiento entre la sociedad y la ciencia. Esto quiere decir, por un lado, fomentar el conocimiento y la cultura cient\u00edfica por parte de la ciudadan\u00eda y sus representantes y, por otro, un alineamiento m\u00e1s estrecho entre la I+D+i \u2013en todas sus fases\u2013 y las necesidades y valores de la sociedad.<\/p>\n<p>            Principales acciones:<\/p>\n<ol>\n<li>Comunicaci\u00f3n cient\u00edfica y participaci\u00f3n ciudadana: actividades de comunicaci\u00f3n cient\u00edfica, public engagement, divulgaci\u00f3n cient\u00edfica, comunicaci\u00f3n institucional, comunicaci\u00f3n de crisis y museolog\u00eda cient\u00edfica, entre otros.<\/li>\n<li>An\u00e1lisis: estudio de las relaciones entre la ciencia y la sociedad, de la percepci\u00f3n social de la ciencia, evaluaci\u00f3n, evaluaci\u00f3n de impacto, selecci\u00f3n de indicadores, etc.<\/li>\n<li>Formaci\u00f3n: programas formativos especializados en el campo de la comunicaci\u00f3n cient\u00edfica.<\/li>\n<\/ol>\n<div class=\"contact\"><strong>P\u00e1gina web:<\/strong> <a href=\"http:\/\/ccs.upf.edu\/\" target=\"_blank\" rel=\"noopener noreferrer\">www.ccs.upf.edu<br \/>\n            <\/a><\/div>\n<\/p><\/div>\n<\/p><\/div>\n<p>    <!-- \/\/9. Universitat Pompeu Fabra --><\/p>\n<\/div>\n<style>\n<p>    .partners {<br \/>        margin-bottom: 50px;<br \/>        color: black;<br \/>    }<\/p>\n<p>    .partners p {<br \/>        color: black;<br \/>    }<\/p>\n<p>    .partners a {<br \/>        font-weight: bold;<br \/>    }<\/p>\n<p>    .contact {<br \/>        \/*<br \/>        padding: 5px;<br \/>        background-color: #e8efef;<br \/>        border: 1px ridge green;<br \/>        *\/<br \/>    }<\/p>\n<p>    .link-label {<br \/>        text-align: right;<\/p>\n<p>    }<\/p>\n<\/style>\n<p><\/p>","protected":false},"excerpt":{"rendered":"<p>Universitat de Vale\u0300ncia La Universitat de Val\u00e8ncia (UV) se fund\u00f3 en el a\u00f1o 1499 con las facultades de Teolog\u00eda, Artes, Filosof\u00eda, Medicina y Derecho. Con el paso de los a\u00f1os, &#8230;<\/p>\n","protected":false},"author":1,"featured_media":0,"parent":0,"menu_order":0,"comment_status":"closed","ping_status":"closed","template":"","meta":{"footnotes":""},"class_list":["post-16","page","type-page","status-publish","hentry"],"yoast_head":"<!-- This site is optimized with the Yoast SEO plugin v27.4 - https:\/\/yoast.com\/product\/yoast-seo-wordpress\/ -->\n<title>Socios - Concise<\/title>\n<meta name=\"robots\" content=\"index, follow, max-snippet:-1, max-image-preview:large, max-video-preview:-1\" \/>\n<link rel=\"canonical\" href=\"https:\/\/concise-h2020.eu\/es\/partners\/\" \/>\n<meta property=\"og:locale\" content=\"es_ES\" \/>\n<meta property=\"og:type\" content=\"article\" \/>\n<meta property=\"og:title\" content=\"Socios - Concise\" \/>\n<meta property=\"og:description\" content=\"Universitat de Vale\u0300ncia La Universitat de Val\u00e8ncia (UV) se fund\u00f3 en el a\u00f1o 1499 con las facultades de Teolog\u00eda, Artes, Filosof\u00eda, Medicina y Derecho. Con el paso de los a\u00f1os, ...\" \/>\n<meta property=\"og:url\" content=\"https:\/\/concise-h2020.eu\/es\/partners\/\" \/>\n<meta property=\"og:site_name\" content=\"Concise\" \/>\n<meta property=\"article:modified_time\" content=\"2019-12-27T07:48:32+00:00\" \/>\n<meta property=\"og:image\" content=\"https:\/\/concise-h2020.eu\/wp-content\/uploads\/2019\/03\/Logo-ScienceFlows.jpg\" \/>\n<meta name=\"twitter:card\" content=\"summary_large_image\" \/>\n<meta name=\"twitter:site\" content=\"@ConciseEU\" \/>\n<meta name=\"twitter:label1\" content=\"Tiempo de lectura\" \/>\n\t<meta name=\"twitter:data1\" content=\"64 minutos\" \/>\n<script type=\"application\/ld+json\" class=\"yoast-schema-graph\">{\"@context\":\"https:\\\/\\\/schema.org\",\"@graph\":[{\"@type\":\"WebPage\",\"@id\":\"https:\\\/\\\/concise-h2020.eu\\\/es\\\/partners\\\/\",\"url\":\"https:\\\/\\\/concise-h2020.eu\\\/es\\\/partners\\\/\",\"name\":\"Socios - Concise\",\"isPartOf\":{\"@id\":\"https:\\\/\\\/concise-h2020.eu\\\/es\\\/#website\"},\"datePublished\":\"2019-01-24T13:22:56+00:00\",\"dateModified\":\"2019-12-27T07:48:32+00:00\",\"breadcrumb\":{\"@id\":\"https:\\\/\\\/concise-h2020.eu\\\/es\\\/partners\\\/#breadcrumb\"},\"inLanguage\":\"es\",\"potentialAction\":[{\"@type\":\"ReadAction\",\"target\":[[\"https:\\\/\\\/concise-h2020.eu\\\/es\\\/partners\\\/\"]]}]},{\"@type\":\"BreadcrumbList\",\"@id\":\"https:\\\/\\\/concise-h2020.eu\\\/es\\\/partners\\\/#breadcrumb\",\"itemListElement\":[{\"@type\":\"ListItem\",\"position\":1,\"name\":\"Home\",\"item\":\"https:\\\/\\\/concise-h2020.eu\\\/es\\\/\"},{\"@type\":\"ListItem\",\"position\":2,\"name\":\"Socios\"}]},{\"@type\":\"WebSite\",\"@id\":\"https:\\\/\\\/concise-h2020.eu\\\/es\\\/#website\",\"url\":\"https:\\\/\\\/concise-h2020.eu\\\/es\\\/\",\"name\":\"Concise\",\"description\":\"Concise in an H2020 project, with aim to explain science communication channels.\",\"publisher\":{\"@id\":\"https:\\\/\\\/concise-h2020.eu\\\/es\\\/#organization\"},\"potentialAction\":[{\"@type\":\"SearchAction\",\"target\":{\"@type\":\"EntryPoint\",\"urlTemplate\":\"https:\\\/\\\/concise-h2020.eu\\\/es\\\/?s={search_term_string}\"},\"query-input\":{\"@type\":\"PropertyValueSpecification\",\"valueRequired\":true,\"valueName\":\"search_term_string\"}}],\"inLanguage\":\"es\"},{\"@type\":\"Organization\",\"@id\":\"https:\\\/\\\/concise-h2020.eu\\\/es\\\/#organization\",\"name\":\"Concise\",\"url\":\"https:\\\/\\\/concise-h2020.eu\\\/es\\\/\",\"logo\":{\"@type\":\"ImageObject\",\"inLanguage\":\"es\",\"@id\":\"https:\\\/\\\/concise-h2020.eu\\\/es\\\/#\\\/schema\\\/logo\\\/image\\\/\",\"url\":\"https:\\\/\\\/concise-h2020.eu\\\/wp-content\\\/uploads\\\/2019\\\/01\\\/concise_logo_crpd.jpg\",\"contentUrl\":\"https:\\\/\\\/concise-h2020.eu\\\/wp-content\\\/uploads\\\/2019\\\/01\\\/concise_logo_crpd.jpg\",\"width\":432,\"height\":124,\"caption\":\"Concise\"},\"image\":{\"@id\":\"https:\\\/\\\/concise-h2020.eu\\\/es\\\/#\\\/schema\\\/logo\\\/image\\\/\"},\"sameAs\":[\"https:\\\/\\\/x.com\\\/ConciseEU\"]}]}<\/script>\n<!-- \/ Yoast SEO plugin. -->","yoast_head_json":{"title":"Socios - Concise","robots":{"index":"index","follow":"follow","max-snippet":"max-snippet:-1","max-image-preview":"max-image-preview:large","max-video-preview":"max-video-preview:-1"},"canonical":"https:\/\/concise-h2020.eu\/es\/partners\/","og_locale":"es_ES","og_type":"article","og_title":"Socios - Concise","og_description":"Universitat de Vale\u0300ncia La Universitat de Val\u00e8ncia (UV) se fund\u00f3 en el a\u00f1o 1499 con las facultades de Teolog\u00eda, Artes, Filosof\u00eda, Medicina y Derecho. Con el paso de los a\u00f1os, ...","og_url":"https:\/\/concise-h2020.eu\/es\/partners\/","og_site_name":"Concise","article_modified_time":"2019-12-27T07:48:32+00:00","og_image":[{"url":"https:\/\/concise-h2020.eu\/wp-content\/uploads\/2019\/03\/Logo-ScienceFlows.jpg","type":"","width":"","height":""}],"twitter_card":"summary_large_image","twitter_site":"@ConciseEU","twitter_misc":{"Tiempo de lectura":"64 minutos"},"schema":{"@context":"https:\/\/schema.org","@graph":[{"@type":"WebPage","@id":"https:\/\/concise-h2020.eu\/es\/partners\/","url":"https:\/\/concise-h2020.eu\/es\/partners\/","name":"Socios - Concise","isPartOf":{"@id":"https:\/\/concise-h2020.eu\/es\/#website"},"datePublished":"2019-01-24T13:22:56+00:00","dateModified":"2019-12-27T07:48:32+00:00","breadcrumb":{"@id":"https:\/\/concise-h2020.eu\/es\/partners\/#breadcrumb"},"inLanguage":"es","potentialAction":[{"@type":"ReadAction","target":[["https:\/\/concise-h2020.eu\/es\/partners\/"]]}]},{"@type":"BreadcrumbList","@id":"https:\/\/concise-h2020.eu\/es\/partners\/#breadcrumb","itemListElement":[{"@type":"ListItem","position":1,"name":"Home","item":"https:\/\/concise-h2020.eu\/es\/"},{"@type":"ListItem","position":2,"name":"Socios"}]},{"@type":"WebSite","@id":"https:\/\/concise-h2020.eu\/es\/#website","url":"https:\/\/concise-h2020.eu\/es\/","name":"Concise","description":"Concise in an H2020 project, with aim to explain science communication channels.","publisher":{"@id":"https:\/\/concise-h2020.eu\/es\/#organization"},"potentialAction":[{"@type":"SearchAction","target":{"@type":"EntryPoint","urlTemplate":"https:\/\/concise-h2020.eu\/es\/?s={search_term_string}"},"query-input":{"@type":"PropertyValueSpecification","valueRequired":true,"valueName":"search_term_string"}}],"inLanguage":"es"},{"@type":"Organization","@id":"https:\/\/concise-h2020.eu\/es\/#organization","name":"Concise","url":"https:\/\/concise-h2020.eu\/es\/","logo":{"@type":"ImageObject","inLanguage":"es","@id":"https:\/\/concise-h2020.eu\/es\/#\/schema\/logo\/image\/","url":"https:\/\/concise-h2020.eu\/wp-content\/uploads\/2019\/01\/concise_logo_crpd.jpg","contentUrl":"https:\/\/concise-h2020.eu\/wp-content\/uploads\/2019\/01\/concise_logo_crpd.jpg","width":432,"height":124,"caption":"Concise"},"image":{"@id":"https:\/\/concise-h2020.eu\/es\/#\/schema\/logo\/image\/"},"sameAs":["https:\/\/x.com\/ConciseEU"]}]}},"_links":{"self":[{"href":"https:\/\/concise-h2020.eu\/es\/wp-json\/wp\/v2\/pages\/16","targetHints":{"allow":["GET"]}}],"collection":[{"href":"https:\/\/concise-h2020.eu\/es\/wp-json\/wp\/v2\/pages"}],"about":[{"href":"https:\/\/concise-h2020.eu\/es\/wp-json\/wp\/v2\/types\/page"}],"author":[{"embeddable":true,"href":"https:\/\/concise-h2020.eu\/es\/wp-json\/wp\/v2\/users\/1"}],"replies":[{"embeddable":true,"href":"https:\/\/concise-h2020.eu\/es\/wp-json\/wp\/v2\/comments?post=16"}],"version-history":[{"count":0,"href":"https:\/\/concise-h2020.eu\/es\/wp-json\/wp\/v2\/pages\/16\/revisions"}],"wp:attachment":[{"href":"https:\/\/concise-h2020.eu\/es\/wp-json\/wp\/v2\/media?parent=16"}],"curies":[{"name":"wp","href":"https:\/\/api.w.org\/{rel}","templated":true}]}}