{"id":16,"date":"2019-01-24T13:22:56","date_gmt":"2019-01-24T13:22:56","guid":{"rendered":"https:\/\/concise-h2020.eu\/?page_id=16"},"modified":"2019-12-27T07:48:32","modified_gmt":"2019-12-27T07:48:32","slug":"partners","status":"publish","type":"page","link":"https:\/\/concise-h2020.eu\/sk\/partners\/","title":{"rendered":"Partneri"},"content":{"rendered":"<p><\/p>\n<div class=\"partners\">\n<p>    <!-- 1. Coordinator - UVEG --><\/p>\n<div class=\"row\" style=\"margin-top: 50px;\">\n<div class=\"col-sm-3\" style=\"margin-top: 70px;\"><img loading=\"lazy\" decoding=\"async\" class=\"alignnone size-full wp-image-44\" src=\"\/wp-content\/uploads\/2019\/03\/Logo-ScienceFlows.jpg\" alt=\"\" width=\"200\" height=\"174\" \/><\/div>\n<div class=\"col-sm-9\">\n<h2 style=\"margin-bottom: 25px;\">Universitat de Vale\u0300ncia<\/h2>\n<p>            <em>Univerzita vo Valencii<\/em> bola zalo\u017een\u00e1 v roku 1499 a p\u00f4vodne bola zameran\u00e1 na \u0161t\u00fadium medic\u00edny, humanitn\u00fdch vied, teol\u00f3gie a pr\u00e1va. V s\u00fa\u010dasnosti je to modern\u00e1 eur\u00f3pska univerzita, ktor\u00e1 pokr\u00fdva takmer v\u0161etky vedeck\u00e9 oblasti. Vzh\u013eadom na \u0161irok\u00fa \u0161k\u00e1lu dostupn\u00fdch mo\u017enost\u00ed \u0161t\u00fadia, ako aj na jeho humanistick\u00fd rozmer, je dnes jednou z najv\u00e4\u010d\u0161\u00edch, najstar\u0161\u00edch a najrozmanitej\u0161\u00edch univerz\u00edt v \u0160panielsku.<\/p>\n<p>            Univerzita m\u00e1 45 800 vysoko\u0161kol\u00e1kov a 8 600 postgradu\u00e1lnych \u0161tudentov. Na svojich troch kampusoch (Blasco Iba\u00f1ez, Burjassot-Paterna a Els Tarongers) je viac ako 3 300 u\u010dite\u013eov a v\u00fdskumn\u00fdch pracovn\u00edkov na 90 katedr\u00e1ch, 17 in\u0161tit\u00fatoch a in\u00fdch v\u00fdskumn\u00fdch pracovisk\u00e1ch, ktor\u00fdm v pr\u00e1ci pom\u00e1ha viac ako 1 700 administrat\u00edvnych a servisn\u00fdch pracovn\u00edkov. Kni\u017enice maj\u00fa pribli\u017ene 1,5 mili\u00f3na kn\u00edh, s\u00fa prihl\u00e1sen\u00e9 na odber viac ako 26 000 \u010dasopisov a poskytuj\u00fa 4 300 miest na \u010d\u00edtanie pre takmer 60 000 \u010ditate\u013eov. Spolu so zamestnancami, ve\u013ekos\u0165ou a \u0161pi\u010dkov\u00fdm vybaven\u00edm svojich zariaden\u00ed zaru\u010duj\u00fa kvalitu rozsiahleho vedeck\u00e9ho a technick\u00e9ho v\u00fdskumu v slu\u017eb\u00e1ch spolo\u010dnosti.<\/p>\n<p>            <em>The Universitat de Vale\u0300ncia <\/em>has experience in the development and management of more than 150 European projects in the following frameworks: the RTD European (I-VII) Framework Programmes, HORIZON 2020, Lifelong Learning Programme (Erasmus, Socrates, Leonardo) and Erasmus+, acting both as a co-ordinator and partner institution.<br \/>\n            <em>Univerzita vo Valencii<\/em> m\u00e1 sk\u00fasenosti s v\u00fdvojom a riaden\u00edm viac ako 150 eur\u00f3pskych projektov v t\u00fdchto grantov\u00fdch \u0161trukt\u00farach: Eur\u00f3pske r\u00e1mcov\u00e9 programy RTD (I-VII), HORIZON 2020, Program celo\u017eivotn\u00e9ho vzdel\u00e1vania (Erasmus, Socrates, Leonardo) a Erasmus+, v oboch vystupuj\u00faca ako koordin\u00e1tor a partnersk\u00e1 in\u0161tit\u00facia.<\/p>\n<p>            V\u00fdskumn\u00e9 oblasti t\u00edmu UVEG ScienceFlows s\u00fa zameran\u00e9 na porozumenie vedy verejnos\u0165ou, jej spolo\u010densk\u00e9ho vn\u00edmania, disemin\u00e1cie, hist\u00f3rie a s\u00fa\u010dasnej kult\u00fary. Jeho \u00falohy v CONCISE s\u00fa nasledovn\u00e9:<\/p>\n<ul>\n<li>Koordin\u00e1tor projektu a ved\u00faci WP5 \/ WP6.<\/li>\n<li>Ved\u00faci aktiv\u00edt v oblasti komunik\u00e1cie a disemin\u00e1cie zameran\u00fdch na komunitu vedy a techniky (v\u00fdskumn\u00e9 in\u0161tit\u00facie, univerzity, vedeck\u00e9 spolo\u010dnosti)<\/li>\n<li>UVEG sa bude akt\u00edvne podie\u013ea\u0165 na pr\u00edprave, anal\u00fdze a v\u00fdvoji v\u0161etk\u00fdch verejn\u00fdch konzult\u00e1ci\u00ed.<\/li>\n<\/ul>\n<div class=\"contact\">\n<p>                <strong>Web str\u00e1nka:<\/strong> <a href=\"http:\/\/scienceflows.com\/en\/\" target=\"_blank\" rel=\"noopener noreferrer\">www.scienceflows.com<\/a><\/p><\/div>\n<\/p><\/div>\n<\/p><\/div>\n<p>    <!-- \/\/ 1. Coordinator --> <!-- 2. Partner - Observa --><\/p>\n<div class=\"row\" style=\"margin-top: 50px;\">\n<div class=\"col-sm-3\" style=\"margin-top: 70px;\"><img loading=\"lazy\" decoding=\"async\" class=\"alignnone size-full wp-image-44\" src=\"\/wp-content\/uploads\/2019\/03\/Observa.jpg\" alt=\"\" width=\"200\" height=\"174\" \/><\/div>\n<div class=\"col-sm-9\">\n<h2 style=\"margin-bottom: 25px;\">Observa Science in Society<\/h2>\n<div style=\"text-align: left;\">\n<p>                <strong>Observa Science in Society<\/strong> \u00e9 um centro de investiga\u00e7\u00e3o independente, legalmente reconhecido e sem fins lucrativos que promove o estudo e a discuss\u00e3o da intera\u00e7\u00e3o entre ci\u00eancia, tecnologia e sociedade, com o objetivo de estimular o di\u00e1logo entre investigadores, decisores pol\u00edticos e cidad\u00e3os.<br \/>\n                <strong>Observa Science in Society<\/strong> je neziskov\u00e9, nez\u00e1visl\u00e9 a uzn\u00e1van\u00e9 v\u00fdskumn\u00e9 centrum podporuj\u00face \u0161t\u00fadium a diskusiu o interakcii medzi vedou, technol\u00f3giou a spolo\u010dnos\u0165ou s cie\u013eom za\u010diatia dial\u00f3gu medzi v\u00fdskumn\u00edkmi, tvorcami politi\u00edk a ob\u010danmi.<\/p>\n<p>                \u010cinnos\u0165 Observa je pod doh\u013eadom medzin\u00e1rodn\u00e9ho a interdisciplin\u00e1rneho <a href=\"https:\/\/www.observa.it\/about-us\/?lang=en#scientificcommittee\" target=\"_blank\" rel=\"noopener noreferrer\"><strong>vedeck\u00e9ho v\u00fdboru<\/strong><\/a>.<\/p>\n<p>                Aktivity sa zameriavaj\u00fa na tri hlavn\u00e9 oblasti: <strong>vedeck\u00e1 komunik\u00e1cia; verejn\u00e1 politika v\u00fdskumu a inov\u00e1ci\u00ed; veda, ob\u010dania a technol\u00f3gie.<\/strong><\/p>\n<p>                Observa patr\u00ed do hlavn\u00fdch medzin\u00e1rodn\u00fdch siet\u00ed, ktor\u00e9 sa akt\u00edvne zap\u00e1jaj\u00fa do problematiky vedy v spolo\u010dnosti, vr\u00e1tane ESCoNet (Eur\u00f3pska vzdel\u00e1vacia sie\u0165 pre komunik\u00e1torov vedy), Science and the City, <a href=\"http:\/\/www.mappingcontroversies.net\/\" target=\"_blank\" rel=\"noopener noreferrer\">MACOSPOL<\/a> (Mapovanie konfliktov o vede pre politiku) a siete in\u0161tit\u00faci\u00ed koordinovan\u00fdch <a href=\"http:\/\/www2.lse.ac.uk\/home.aspx\" target=\"_blank\" rel=\"noopener noreferrer\">London school of Economics and Political Science<\/a>, ktor\u00e9 sleduj\u00fa glob\u00e1lne trendy vo verejnom vn\u00edman\u00ed a medi\u00e1lnom pokryt\u00ed vedy a techniky.\n            <\/div>\n<div class=\"contact\">\n<p>                <strong>Web str\u00e1nka:<\/strong> <a href=\"https:\/\/www.observa.it\/?lang=en\" target=\"_blank\" rel=\"noopener noreferrer\">www.observa.it<\/a><\/p><\/div>\n<\/p><\/div>\n<\/p><\/div>\n<p>    <!-- \/\/ 2. Partner - Observa --> <!-- 3. Partner - Trnava --><\/p>\n<div class=\"row\" style=\"margin-top: 50px;\">\n<div class=\"col-sm-3\" style=\"margin-top: 70px;\"><img loading=\"lazy\" decoding=\"async\" class=\"alignnone size-full wp-image-44\" src=\"\/wp-content\/uploads\/2019\/03\/LOGO_TU.jpg\" alt=\"\" width=\"200\" height=\"174\" \/><\/div>\n<div class=\"col-sm-9\">\n<h2 style=\"margin-bottom: 25px;\">Trnava University<\/h2>\n<p>            Trnavsk\u00e1 univerzita je modern\u00e1 univerzita s dlhoro\u010dnou trad\u00edciou a bohat\u00fdm dedi\u010dstvom. Trnavsk\u00e1 univerzita zalo\u017een\u00e1 v 17. storo\u010d\u00ed pon\u00fakala vzdelanie \u0161tudentom mnoh\u00fdch n\u00e1rodov a zohrala v\u00fdznamn\u00fa \u00falohu v dejin\u00e1ch strednej Eur\u00f3py, \u010d\u00edm v\u00fdznamne prispela k rozvoju eur\u00f3pskeho vzdel\u00e1vania a kult\u00fary. Trnava bola prv\u00fdm mestom na \u00fazem\u00ed dne\u0161n\u00e9ho Slovenska, ktor\u00e9mu v roku 1238 udelil uhorsk\u00fd kr\u00e1\u013e Belo IV. v\u00fdsady slobodn\u00e9ho kr\u00e1\u013eovsk\u00e9ho mesta. 142 rokov existencie prvej univerzity v multietnickom Uhorskom kr\u00e1\u013eovstve  predstavovali zlat\u00e9 obdobie v hist\u00f3rii mesta.<\/p>\n<p>            Trnavsk\u00e1 univerzita v roku 1992 obnovila svoju \u010dinnos\u0165. Ide o verejn\u00fa univerzitu s piatimi fakultami. Filozofick\u00e1 fakulta bola jednou zo zakladaj\u00facich fak\u00falt dne\u0161nej univerzity. Filozofick\u00e1 fakulta sa od svojho vzniku rozvinula do zn\u00e1mej vedeckej a vzdel\u00e1vacej in\u0161tit\u00facie, kde sa sp\u00e1jaj\u00fa trad\u00edcie a nov\u00e9 pr\u00edstupy. Hlavn\u00fdm poslan\u00edm Filozofickej fakulty, ktor\u00e1 sa sklad\u00e1 z deviatich katedier, je poskytova\u0165 vysoko\u0161kolsk\u00e9 vzdelanie vo filozofick\u00fdch, humanistick\u00fdch a spolo\u010densk\u00fdch ved\u00e1ch. Cie\u013eom fakulty je pripravi\u0165 \u0161pecialistov na klasick\u00fa archeol\u00f3giu, klasick\u00e9 jazyky, kognit\u00edvne \u0161t\u00fadi\u00e1, etiku, hist\u00f3riu, dejiny umenia a kult\u00fary, filozofiu, politol\u00f3giu, psychol\u00f3giu a sociol\u00f3giu. Univerzitn\u00fd \u0161tudijn\u00fd syst\u00e9m pozost\u00e1va z bakal\u00e1rskych, magistersk\u00fdch a doktorandsk\u00fdch \u0161tudijn\u00fdch programov. Trnavsk\u00e1 univerzita sa akt\u00edvne zap\u00e1ja do Bolonsk\u00e9ho procesu a Filozofick\u00e1 fakulta spolupracuje s in\u0161tit\u00faciami z cel\u00e9ho sveta.<\/p>\n<div class=\"contact\">\n<p>                <strong>Web str\u00e1nka:<\/strong> <a href=\"http:\/\/ff.truni.sk\/\" target=\"blank\" rel=\"noopener noreferrer\">ff.truni.sk<\/a><\/p><\/div>\n<\/p><\/div>\n<\/p><\/div>\n<p>    <!-- \/\/ 3. Partner - Trnava --> <!-- 4. Partner - FyG --><\/p>\n<div class=\"row\" style=\"margin-top: 50px;\">\n<div class=\"col-sm-3\" style=\"margin-top: 45px;\"><img loading=\"lazy\" decoding=\"async\" class=\"alignnone size-full wp-image-44\" src=\"\/wp-content\/uploads\/2019\/03\/FyG.jpg\" alt=\"\" width=\"200\" height=\"174\" \/><\/div>\n<div class=\"col-sm-9\">\n<h2 style=\"margin-bottom: 25px;\">FYG<\/h2>\n<p>            Instalofi Levante S.L. (FyG Consultores) je \u0161panielsk\u00e1 s\u00fakromn\u00e1 vzdel\u00e1vacia spolo\u010dnos\u0165, zameran\u00e1 na spolupr\u00e1cu so spolo\u010dnos\u0165ami, dospel\u00fdmi a mlad\u00fdmi \u013eu\u010fmi v oblasti vzdel\u00e1vania inovat\u00edvnych konceptoch, zakladan\u00ed podnikov, zamestnate\u013enosti, z\u00e1kladn\u00fdch zru\u010dnostiach, p\u00edsomnej a matematickej gramotnosti, podnikan\u00ed a \u0161kolen\u00ed m\u00e4kk\u00fdch a tvrd\u00fdch zru\u010dnost\u00ed.<\/p>\n<p>            FyG sa \u0161pecializuje na rozvoj podnikania a inovat\u00edvne rie\u0161enia t\u00fdkaj\u00face sa okrem in\u00e9ho poskytovania vzdel\u00e1vac\u00edch kurzov pre mal\u00fdch a stredn\u00fdch podnikate\u013eov, podnikate\u013eov a start-upy. FyG, zalo\u017een\u00e1 v roku 2001, predpoklad\u00e1 medzin\u00e1rodn\u00e9 aktivity, a tak pom\u00e1ha spolo\u010dnostiam definova\u0165 strat\u00e9gie, ktor\u00e9 im umo\u017enia r\u00e1s\u0165 na zahrani\u010dn\u00fdch trhoch. FyG tie\u017e akt\u00edvne p\u00f4sob\u00ed ako vzdel\u00e1vacia a \u0161koliaca spolo\u010dnos\u0165, ktor\u00e1 podporuje rozvoj dospel\u00fdch a znev\u00fdhodnen\u00fdch skup\u00edn.<\/p>\n<p>            V posledn\u00fdch rokoch FyG vyvinula a implementovala nieko\u013eko eur\u00f3pskych projektov medzin\u00e1rodnej spolupr\u00e1ce s programom Erasmus + a COSME, ktor\u00e9 sa zaoberaj\u00fa tvorbou a rozvojom podnikov, zamestnate\u013enos\u0165ou, riaden\u00edm, \u0161kolen\u00edm pre start-upy, internacionaliz\u00e1ciou, gamifik\u00e1ciou a inov\u00e1ciou podnikate\u013esk\u00e9ho vzdel\u00e1vania. Dnes FYG spolupracuje so \u0161irok\u00fdm spektrom verejn\u00fdch a s\u00fakromn\u00fdch ekonomick\u00fdch akt\u00e9rov.<\/p>\n<div class=\"contact\">\n<p>                <strong>Web str\u00e1nka:<\/strong> <a href=\"http:\/\/www.fygconsultores.com\/\" target=\"_blank\" rel=\"noopener noreferrer\">www.fygconsultores.com<\/a><\/p><\/div>\n<\/p><\/div>\n<\/p><\/div>\n<p>    <!-- \/\/ 4. Partner - FyG --> <!-- 5. Partner - Danmar --><\/p>\n<div class=\"row\" style=\"margin-top: 50px;\">\n<div class=\"col-sm-3\" style=\"margin-top: 55px;\"><img loading=\"lazy\" decoding=\"async\" class=\"alignnone size-full wp-image-44\" src=\"\/wp-content\/uploads\/2019\/01\/logo-DANMAR.png\" alt=\"\" width=\"200\" height=\"174\" \/><\/div>\n<div class=\"col-sm-9\">\n<h2 style=\"margin-bottom: 25px;\">Danmar Computers<\/h2>\n<p>            Danmar Computers LLC je s\u00fakromn\u00e1 spolo\u010dnos\u0165 p\u00f4sobiaca v oblasti IT a poskytuj\u00faca odborn\u00e9 vzdel\u00e1vanie v tejto oblasti. Danmar m\u00e1 rozsiahle sk\u00fasenosti s v\u00fdvojom modern\u00fdch webov\u00fdch a mobiln\u00fdch aplik\u00e1ci\u00ed, vyu\u017e\u00edvan\u00fdch na vzdel\u00e1vacie \u00fa\u010dely. Danmar m\u00e1 tie\u017e dlhodob\u00e9 sk\u00fasenosti s realiz\u00e1ciou eur\u00f3pskych projektov, v r\u00e1mci ktor\u00fdch v\u00fdskumno-v\u00fdvojov\u00ed pracovn\u00edci vykon\u00e1vaj\u00fa v\u00fdskum a pripravuj\u00fa \u0161kolenia prisp\u00f4soben\u00e9 potreb\u00e1m r\u00f4znych \u0161tudentov. Po\u010das 15 rokov Danmar \u00faspe\u0161ne zrealizoval viac ako 50 projektov v r\u00e1mci programu Grundtvig, Leonardo da Vinci, Progress a ned\u00e1vno aj Erasmus+.<\/p>\n<p>            V mnoh\u00fdch z t\u00fdchto projektov bol Danmar zodpovedn\u00fd za navrhovanie a koordin\u00e1ciu disemina\u010dn\u00fdch strat\u00e9gi\u00ed. Danmar Computers je v\u00fdvoj\u00e1rom a poskytovate\u013eom AdminProject (adminproject.eu), on-line syst\u00e9mu pre riadenie eur\u00f3pskych projektov. V\u0161etky aktivity spolo\u010dnosti s\u00fa zalo\u017een\u00e9 na \u0161irokej a funguj\u00facej sieti spolupr\u00e1ce, a to na n\u00e1rodnej i medzin\u00e1rodnej \u00farovni. N\u00e1rodn\u00e9 siete zah\u0155\u0148aj\u00fa vzdel\u00e1vacie a poradensk\u00e9 in\u0161tit\u00facie, univerzity, \u0161koly, mimovl\u00e1dne organiz\u00e1cie, ako aj spolo\u010dnosti s\u00fakromn\u00e9ho sektora. Medzin\u00e1rodn\u00e1 sie\u0165 zah\u0155\u0148a partnerov r\u00f4znych profilov z ka\u017edej krajiny Eur\u00f3pskej \u00fanie. Poslan\u00edm Danmar Computers je podpora celo\u017eivotn\u00e9ho vzdel\u00e1vania a zabezpe\u010denie rovnak\u00e9ho pr\u00edstupu ku vzdelaniu pre v\u0161etk\u00fdch s vyu\u017eit\u00edm modern\u00fdch technol\u00f3gi\u00ed.<\/p>\n<div class=\"contact\">\n<p>                <strong>Web str\u00e1nka:<\/strong> <a href=\"https:\/\/www.danmar-computers.com.pl\/\" target=\"_blank\" rel=\"noopener noreferrer\">www.danmar-computers.com.pl<\/a><\/p><\/div>\n<\/p><\/div>\n<\/p><\/div>\n<p>    <!-- \/\/5. Partner - Danmar --> <!-- 6. Partner - Instituto de Ci\u00eancias Sociais da Universidade de Lisboa --><\/p>\n<div class=\"row\" style=\"margin-top: 50px;\">\n<div class=\"col-sm-3\" style=\"margin-top: 100px;\"><img loading=\"lazy\" decoding=\"async\" class=\"alignnone size-full wp-image-44\" src=\"\/wp-content\/uploads\/2019\/03\/Logo_ICS.jpg\" alt=\"\" width=\"200\" height=\"174\" \/><\/div>\n<div class=\"col-sm-9\">\n<h2 style=\"margin-bottom: 25px;\">The Institute of Social Sciences of the University of Lisbon<\/h2>\n<p>            In\u0161tit\u00fat soci\u00e1lnych vied Univerzity v Lisabone (ICS) je multidisciplin\u00e1rna univerzitn\u00e1 in\u0161tit\u00facia, ktor\u00e1 produkuje vedeck\u00e9 poznatky o s\u00fa\u010dasn\u00fdch spolo\u010dnostiach. Tri hlavn\u00e9 oblasti \u010dinnosti ICS s\u00fa:<\/p>\n<ol>\n<li>V\u00fdskum publikovan\u00fd v n\u00e1rodn\u00fdch a medzin\u00e1rodne uzn\u00e1van\u00fdch \u010dasopisoch a knih\u00e1ch a \u0161\u00edren\u00fd v sie\u0165ach a vedeck\u00fdch stretnutiach;<\/li>\n<li>Postgradu\u00e1lne programy \u00fazko spojen\u00e9 s v\u00fdskumami, prebiehaj\u00facimi projektmi a sie\u0165ami medzin\u00e1rodnej spolupr\u00e1ce;<\/li>\n<li>Dosah, najm\u00e4 prostredn\u00edctvom Observatories on Portuguese Society (Observat\u00f3ri\u00ed portugalskej spolo\u010dnosti a v\u00fdskumu), ktor\u00fd ovplyv\u0148uje verejn\u00fa politiku, ako aj \u0161t\u00fadi\u00ed od s\u00fakromn\u00fdch a verejn\u00fdch akt\u00e9rov. Vykon\u00e1va aj disemina\u010dn\u00e9 aktivity vedeck\u00fdch poznatkov pre neakademick\u00e9 publikum.<\/li>\n<\/ol>\n<p>            Tieto aktivity vypl\u00fdvaj\u00fa zo spolupr\u00e1ce medzi v\u00fdskumn\u00edkmi z r\u00f4znych discipl\u00edn (soci\u00e1lna a kult\u00farna antropol\u00f3gia, ekon\u00f3mia, hist\u00f3ria, \u013eudsk\u00e1 geografia, politol\u00f3gia, soci\u00e1lna psychol\u00f3gia a sociol\u00f3gia), organizovan\u00fdch do 7 v\u00fdskumn\u00fdch skup\u00edn: imp\u00e9ri\u00e1, kolonializmus a post-koloni\u00e1lne spolo\u010dnosti; \u017eivotn\u00e9 prostredie, \u00fazemie a spolo\u010dnos\u0165; identity, kult\u00fary, zranite\u013enosti; \u017eivotn\u00fd cyklus, nerovnos\u0165 a solidarita: prax a politika; energia, spolo\u010dnos\u0165 a globaliz\u00e1cia; re\u017eimy a politick\u00e9 in\u0161tit\u00facie; soci\u00e1lno-politick\u00e9 postoje a spr\u00e1vanie.            <\/p>\n<div class=\"contact\">\n<p>                <strong>Web str\u00e1nka: <a href=\"https:\/\/www.ics.ulisboa.pt\/en\" target=\"_blank\" rel=\"noopener noreferrer\">www.ics.ulisboa.pt<\/a><\/strong><\/p><\/div>\n<\/p><\/div>\n<\/p><\/div>\n<p>    <!-- \/\/ 6. Partner - Instituto de Ci\u00eancias Sociais da Universidade de Lisboa --> <!-- 7. Partner - AECC --><\/p>\n<div class=\"row\" style=\"margin-top: 50px;\">\n<div class=\"col-sm-3\" style=\"margin-top: 100px;\"><img loading=\"lazy\" decoding=\"async\" class=\"alignnone size-full wp-image-44\" src=\"\/wp-content\/uploads\/2019\/03\/logo-AECC-sm.jpg\" alt=\"\" width=\"200\" height=\"174\" \/><\/div>\n<div class=\"col-sm-9\">\n<h2 style=\"margin-bottom: 25px;\">Asociaci\u00f3n Espa\u00f1ola de Comunicaci\u00f3n Cient\u00edfica<\/h2>\n<p>            <strong>Asociaci\u00f3n Espa\u00f1ola de Comunicaci\u00f3n Cient\u00edfica<\/strong> (<a href=\"http:\/\/www.aecomunicacioncientifica.org\/\">AECC<\/a>) je \u0161panielska asoci\u00e1cia vedeckej komunik\u00e1cie. AECC podporuje \u017eurnalistiku a vedeck\u00fa komunik\u00e1ciu v \u0160panielsku, Eur\u00f3pe a Latinskej Amerike a sp\u00e1ja viac ako 400 \u0161panielskych novin\u00e1rov a komunik\u00e1torov z oblasti vedy, techniky, zdravia a \u017eivotn\u00e9ho prostredia.<\/p>\n<p>            Niektor\u00e9 z cie\u013eov AECC s\u00fa:<\/p>\n<ol>\n<li>Podporova\u0165 pr\u00edtomnos\u0165 vedeck\u00fdch inform\u00e1ci\u00ed v m\u00e9di\u00e1ch.<\/li>\n<li>Podporova\u0165 obmenu novin\u00e1rov a komunik\u00e1torov.<\/li>\n<li>Zabezpe\u010di\u0165 nez\u00e1vislos\u0165 a objekt\u00edvnos\u0165 informa\u010dn\u00e9ho obsahu a slobody prejavu.<\/li>\n<li>U\u013eah\u010di\u0165 dial\u00f3g a vz\u0165ahy s informa\u010dn\u00fdmi zdrojmi.<\/li>\n<li>Zastupova\u0165 svojich \u010dlenov pred verejn\u00fdmi org\u00e1nmi a s\u00fakromn\u00fdmi subjektmi.<\/li>\n<\/ol>\n<p>            Aktivity AECC sa zameriavaj\u00fa na organizovanie semin\u00e1rov, workshopov, kolokvi\u00ed, kurzov a stretnut\u00ed medzi novin\u00e1rmi a vedcami, a to s dvomi cie\u013emi: diskutova\u0165 o aktu\u00e1lnych vedeck\u00fdch t\u00e9mach, ktor\u00e9 m\u00f4\u017eu by\u0165 vyu\u017eit\u00e9 novin\u00e1rmi a komunik\u00e1tormi a nadviaza\u0165 osobn\u00e9 a priate\u013esk\u00e9 vz\u0165ahy medzi nimi a vedcami, aby sa dosiahla plodn\u00e1 spolupr\u00e1ca pre vedu a spolo\u010dnos\u0165.<\/p>\n<p>            AECC patr\u00ed do Eur\u00f3pskej asoci\u00e1cie vedeck\u00fdch novin\u00e1rov (EUSJA) a Svetovej feder\u00e1cie vedeck\u00fdch novin\u00e1rov (WFSJ).<\/p>\n<div class=\"contact\">\n                <strong>Web str\u00e1nka:<\/strong> <a href=\"http:\/\/www.aecomunicacioncientifica.org\/\" target=\"_blank\" rel=\"noopener noreferrer\">www.aecomunicacioncientifica.org<br \/>\n                <\/a><\/p><\/div>\n<\/p><\/div>\n<\/p><\/div>\n<p>    <!-- \/\/7. Partner - AECC --> <!-- 8. Partner - University of Lodz --><\/p>\n<div class=\"row\" style=\"margin-top: 50px;\">\n<div class=\"col-sm-3\" style=\"margin-top: 80px;\"><img loading=\"lazy\" decoding=\"async\" class=\"alignnone size-full wp-image-44\" src=\"\/wp-content\/uploads\/2019\/03\/logo_ul_h_en_rgb.jpg\" alt=\"\" width=\"200\" height=\"174\" \/><\/div>\n<div class=\"col-sm-9\">\n<h2 style=\"margin-bottom: 25px;\">University of \u0141\u00f3d\u017a, Faculty of Economics and Sociology<\/h2>\n<p>            Univerzita v Lod\u017ei (U\u0141) bola zalo\u017een\u00e1 v roku 1945 a m\u00e1 viac ako 32 000 \u0161tudentov a 2 200 akademick\u00fdch pracovn\u00edkov. Nach\u00e1dza sa v Lod\u017ei, ktor\u00e1 je  tret\u00edm najv\u00e4\u010d\u0161\u00edm mestom v Po\u013esku, \u010do sa t\u00fdka po\u010dtu obyvate\u013eov s pribli\u017ene 700 000 obyvate\u013emi. Na Univerzite v Lod\u017ei je 12 fak\u00falt pokr\u00fdvaj\u00facich 80 \u0161tudijn\u00fdch odborov. Kurzy sa vyu\u010duj\u00fa v po\u013e\u0161tine, angli\u010dtine a franc\u00faz\u0161tine, a to aj na doktorandskom a postdoktorandskom stupni. Univerzita v s\u00fa\u010dasnosti realizuje viac ako 360 v\u00fdskumn\u00fdch projektov financovan\u00fdch Eur\u00f3pskou komisiou, N\u00e1rodn\u00fdm vedeck\u00fdm centrom, N\u00e1rodn\u00fdm centrom pre v\u00fdskum a v\u00fdvoj, Ministerstvom vedy a vysoko\u0161kolsk\u00e9ho vzdel\u00e1vania, a podobne. Univerzita je zaraden\u00e1 v rankinku QS World University Rankings a Eur\u00f3pskou komisiou bola ocenen\u00e1 logom HR Excellence in Research. Univerzita m\u00e1 siln\u00fa medzin\u00e1rodn\u00fa spolupr\u00e1cu (161 ERASMUS+ doh\u00f4d v 23 krajin\u00e1ch a 97 medzin\u00e1rodn\u00fdch doh\u00f4d o spolupr\u00e1ci s vysoko\u0161kolsk\u00fdmi in\u0161tit\u00faciami). Je \u010dlenom: Eur\u00f3pskej asoci\u00e1cie univerz\u00edt (EUA), Aliancie univerz\u00edt pre demokraciu (AUDEM), INTER-Univerzity v Dubrovn\u00edku, Agence Universitaire de la Francophonie (AUF), Asoci\u00e1cie eur\u00f3pskych \u0161k\u00f4l pl\u00e1novania (AESOP),  COPERNICUS-CAMPUS Univerzity aliancie pre udr\u017eate\u013enos\u0165. U\u0141 je aj \u00fa\u010dastn\u00edkom mnoh\u00fdch projektov\u00fdch siet\u00ed eur\u00f3pskych univerz\u00edt.<\/p>\n<p>            Fakulta ekon\u00f3mie a sociol\u00f3gie bola zalo\u017een\u00e1 v roku 1965 a je najv\u00e4\u010d\u0161iou na Univerzite v Lod\u017ei s viac ako 6 000 \u0161tudentmi a pribli\u017ene 400 vyu\u010duj\u00facimi. V\u00fdskumn\u00e1 a didaktick\u00e1 pr\u00e1ca sa vykon\u00e1va v \u00f4smich in\u0161tit\u00fatoch v oblastiach ako: aplikovan\u00e1 ekonomika a informatika, ekonometria, ekonomika, financie, medzin\u00e1rodn\u00e1 ekon\u00f3mia, sociol\u00f3gia, priestorov\u00e1 ekonomika, \u0161tatistika a demografia. Pracovn\u00edci fakulty \u00faspe\u0161ne riadia medzin\u00e1rodn\u00e9 granty a v\u00fdskumn\u00e9 projekty a spolupracuj\u00fa s viac ako 50 univerzitami z Eur\u00f3py, Severnej a Ju\u017enej Ameriky a \u00c1zie. Je to vysoko internacionalizovan\u00e1 fakulta s mno\u017estvom zahrani\u010dn\u00fdch \u0161tudentov, hos\u0165uj\u00facich v\u00fdskumn\u00edkov a medzin\u00e1rodn\u00fdch projektov a vedeck\u00fdch iniciat\u00edv.<\/p>\n<p>            V projekte H2020 CONCISE bude t\u00edm v Lod\u017ei uskuto\u010d\u0148ova\u0165 verejn\u00e9 konzult\u00e1cie v Po\u013esku, vies\u0165 pr\u00edpravu a organizovanie verejn\u00fdch konzult\u00e1ci\u00ed v \u010fal\u0161\u00edch \u0161tyroch krajin\u00e1ch (Taliansko, \u0160panielsko, Slovensko a Portugalsko) a akt\u00edvne sa z\u00fa\u010dast\u0148ova\u0165 na v\u00fdskumn\u00fdch, publika\u010dn\u00fdch a disemina\u010dn\u00fdch aktivit\u00e1ch.<\/p>\n<div class=\"contact\">\n<p>                <strong>Web str\u00e1nka: <\/strong><a href=\"https:\/\/www.eksoc.uni.lodz.pl\/en\/\" target=\"_blank\" rel=\"noopener noreferrer\">www.eksoc.uni.lodz.pl<\/a><\/p><\/div>\n<\/p><\/div>\n<\/p><\/div>\n<p>    <!-- \/\/8. Partner - University of Lodz --> <!-- 9. Universitat Pompeu Fabra --><\/p>\n<div class=\"row\" style=\"margin-top: 50px;\">\n<div class=\"col-sm-3\" style=\"margin-top: 110px;\"><img loading=\"lazy\" decoding=\"async\" class=\"alignnone size-full wp-image-44\" src=\"\/wp-content\/uploads\/2019\/03\/CCS_veng.jpg\" alt=\"\" width=\"250\" height=\"174\" \/><\/div>\n<div class=\"col-sm-9\">\n<h2 style=\"margin-bottom: 25px;\">Studies Centre on Science, Communication and Society<\/h2>\n<p>            <strong>Studies Centre on Science, Communication and Society (SCS-UPF)<\/strong>: je v\u00fdskumn\u00fdm centrom Katedry experiment\u00e1lnych a zdravotn\u00edckych vied <strong>Universitat Pompeu Fabra (UPF)<\/strong>. Cie\u013eom je zbl\u00ed\u017ei\u0165 spolo\u010dnos\u0165 a vedu podporovan\u00edm vedeck\u00fdch poznatkov a kult\u00fary, pri\u010dom sa usiluje o zos\u00faladenie v\u00fdskumno-v\u00fdvojovo-inova\u010dn\u00fdch potrieb a hodn\u00f4t spolo\u010dnosti.<\/p>\n<p>            Hlavn\u00e9 aktivity:<\/p>\n<ul>\n<li><strong>Vedeck\u00e1 komunik\u00e1cia a ob\u010dianska particip\u00e1cia:<\/strong> vedeck\u00e9 komunika\u010dn\u00e9 aktivity, zapojenie verejnosti,  vedeck\u00e1 disemin\u00e1cia, in\u0161titucion\u00e1lna komunik\u00e1cia, kr\u00edzov\u00e1 komunik\u00e1cia, a okrem in\u00e9ho aj vedeck\u00e1 muzeol\u00f3gia.<\/li>\n<li><strong>Anal\u00fdza:<\/strong> \u0161t\u00fadium vz\u0165ahov vedy a spolo\u010dnosti, soci\u00e1lne vn\u00edmanie vedy, hodnotenie, hodnotenie dopadu, v\u00fdber indik\u00e1torov a pod.<\/li>\n<li><strong>Vzdel\u00e1vanie:<\/strong> \u0161pecializovan\u00e9 format\u00edvne programy v oblasti vedeckej komunik\u00e1cie<\/li>\n<\/ul>\n<div class=\"contact\"><strong>Web str\u00e1nka:<\/strong> <a href=\"http:\/\/ccs.upf.edu\/\" target=\"_blank\" rel=\"noopener noreferrer\">www.ccs.upf.edu<br \/>\n                <\/a><\/div>\n<\/p><\/div>\n<\/p><\/div>\n<p>    <!-- \/\/9. Universitat Pompeu Fabra --><\/p>\n<\/div>\n<p><\/p>","protected":false},"excerpt":{"rendered":"<p>Universitat de Vale\u0300ncia Univerzita vo Valencii bola zalo\u017een\u00e1 v roku 1499 a p\u00f4vodne bola zameran\u00e1 na \u0161t\u00fadium medic\u00edny, humanitn\u00fdch vied, teol\u00f3gie a pr\u00e1va. V s\u00fa\u010dasnosti je to modern\u00e1 eur\u00f3pska univerzita, &#8230;<\/p>\n","protected":false},"author":1,"featured_media":0,"parent":0,"menu_order":0,"comment_status":"closed","ping_status":"closed","template":"","meta":{"footnotes":""},"class_list":["post-16","page","type-page","status-publish","hentry"],"yoast_head":"<!-- This site is optimized with the Yoast SEO plugin v27.4 - https:\/\/yoast.com\/product\/yoast-seo-wordpress\/ -->\n<title>Partneri - Concise<\/title>\n<meta name=\"robots\" content=\"index, follow, max-snippet:-1, max-image-preview:large, max-video-preview:-1\" \/>\n<link rel=\"canonical\" href=\"https:\/\/concise-h2020.eu\/sk\/partners\/\" \/>\n<meta property=\"og:locale\" content=\"sk_SK\" \/>\n<meta property=\"og:type\" content=\"article\" \/>\n<meta property=\"og:title\" content=\"Partneri - Concise\" \/>\n<meta property=\"og:description\" content=\"Universitat de Vale\u0300ncia Univerzita vo Valencii bola zalo\u017een\u00e1 v roku 1499 a p\u00f4vodne bola zameran\u00e1 na \u0161t\u00fadium medic\u00edny, humanitn\u00fdch vied, teol\u00f3gie a pr\u00e1va. V s\u00fa\u010dasnosti je to modern\u00e1 eur\u00f3pska univerzita, ...\" \/>\n<meta property=\"og:url\" content=\"https:\/\/concise-h2020.eu\/sk\/partners\/\" \/>\n<meta property=\"og:site_name\" content=\"Concise\" \/>\n<meta property=\"article:modified_time\" content=\"2019-12-27T07:48:32+00:00\" \/>\n<meta property=\"og:image\" content=\"https:\/\/concise-h2020.eu\/wp-content\/uploads\/2019\/03\/Logo-ScienceFlows.jpg\" \/>\n<meta name=\"twitter:card\" content=\"summary_large_image\" \/>\n<meta name=\"twitter:site\" content=\"@ConciseEU\" \/>\n<meta name=\"twitter:label1\" content=\"Predpokladan\u00fd \u010das \u010d\u00edtania\" \/>\n\t<meta name=\"twitter:data1\" content=\"64 min\u00fat\" \/>\n<script type=\"application\/ld+json\" class=\"yoast-schema-graph\">{\"@context\":\"https:\\\/\\\/schema.org\",\"@graph\":[{\"@type\":\"WebPage\",\"@id\":\"https:\\\/\\\/concise-h2020.eu\\\/sk\\\/partners\\\/\",\"url\":\"https:\\\/\\\/concise-h2020.eu\\\/sk\\\/partners\\\/\",\"name\":\"Partneri - Concise\",\"isPartOf\":{\"@id\":\"https:\\\/\\\/concise-h2020.eu\\\/sk\\\/#website\"},\"datePublished\":\"2019-01-24T13:22:56+00:00\",\"dateModified\":\"2019-12-27T07:48:32+00:00\",\"breadcrumb\":{\"@id\":\"https:\\\/\\\/concise-h2020.eu\\\/sk\\\/partners\\\/#breadcrumb\"},\"inLanguage\":\"sk-SK\",\"potentialAction\":[{\"@type\":\"ReadAction\",\"target\":[[\"https:\\\/\\\/concise-h2020.eu\\\/sk\\\/partners\\\/\"]]}]},{\"@type\":\"BreadcrumbList\",\"@id\":\"https:\\\/\\\/concise-h2020.eu\\\/sk\\\/partners\\\/#breadcrumb\",\"itemListElement\":[{\"@type\":\"ListItem\",\"position\":1,\"name\":\"Home\",\"item\":\"https:\\\/\\\/concise-h2020.eu\\\/sk\\\/\"},{\"@type\":\"ListItem\",\"position\":2,\"name\":\"Socios\"}]},{\"@type\":\"WebSite\",\"@id\":\"https:\\\/\\\/concise-h2020.eu\\\/sk\\\/#website\",\"url\":\"https:\\\/\\\/concise-h2020.eu\\\/sk\\\/\",\"name\":\"Concise\",\"description\":\"Concise in an H2020 project, with aim to explain science communication channels.\",\"publisher\":{\"@id\":\"https:\\\/\\\/concise-h2020.eu\\\/sk\\\/#organization\"},\"potentialAction\":[{\"@type\":\"SearchAction\",\"target\":{\"@type\":\"EntryPoint\",\"urlTemplate\":\"https:\\\/\\\/concise-h2020.eu\\\/sk\\\/?s={search_term_string}\"},\"query-input\":{\"@type\":\"PropertyValueSpecification\",\"valueRequired\":true,\"valueName\":\"search_term_string\"}}],\"inLanguage\":\"sk-SK\"},{\"@type\":\"Organization\",\"@id\":\"https:\\\/\\\/concise-h2020.eu\\\/sk\\\/#organization\",\"name\":\"Concise\",\"url\":\"https:\\\/\\\/concise-h2020.eu\\\/sk\\\/\",\"logo\":{\"@type\":\"ImageObject\",\"inLanguage\":\"sk-SK\",\"@id\":\"https:\\\/\\\/concise-h2020.eu\\\/sk\\\/#\\\/schema\\\/logo\\\/image\\\/\",\"url\":\"https:\\\/\\\/concise-h2020.eu\\\/wp-content\\\/uploads\\\/2019\\\/01\\\/concise_logo_crpd.jpg\",\"contentUrl\":\"https:\\\/\\\/concise-h2020.eu\\\/wp-content\\\/uploads\\\/2019\\\/01\\\/concise_logo_crpd.jpg\",\"width\":432,\"height\":124,\"caption\":\"Concise\"},\"image\":{\"@id\":\"https:\\\/\\\/concise-h2020.eu\\\/sk\\\/#\\\/schema\\\/logo\\\/image\\\/\"},\"sameAs\":[\"https:\\\/\\\/x.com\\\/ConciseEU\"]}]}<\/script>\n<!-- \/ Yoast SEO plugin. -->","yoast_head_json":{"title":"Partneri - Concise","robots":{"index":"index","follow":"follow","max-snippet":"max-snippet:-1","max-image-preview":"max-image-preview:large","max-video-preview":"max-video-preview:-1"},"canonical":"https:\/\/concise-h2020.eu\/sk\/partners\/","og_locale":"sk_SK","og_type":"article","og_title":"Partneri - Concise","og_description":"Universitat de Vale\u0300ncia Univerzita vo Valencii bola zalo\u017een\u00e1 v roku 1499 a p\u00f4vodne bola zameran\u00e1 na \u0161t\u00fadium medic\u00edny, humanitn\u00fdch vied, teol\u00f3gie a pr\u00e1va. V s\u00fa\u010dasnosti je to modern\u00e1 eur\u00f3pska univerzita, ...","og_url":"https:\/\/concise-h2020.eu\/sk\/partners\/","og_site_name":"Concise","article_modified_time":"2019-12-27T07:48:32+00:00","og_image":[{"url":"https:\/\/concise-h2020.eu\/wp-content\/uploads\/2019\/03\/Logo-ScienceFlows.jpg","type":"","width":"","height":""}],"twitter_card":"summary_large_image","twitter_site":"@ConciseEU","twitter_misc":{"Predpokladan\u00fd \u010das \u010d\u00edtania":"64 min\u00fat"},"schema":{"@context":"https:\/\/schema.org","@graph":[{"@type":"WebPage","@id":"https:\/\/concise-h2020.eu\/sk\/partners\/","url":"https:\/\/concise-h2020.eu\/sk\/partners\/","name":"Partneri - Concise","isPartOf":{"@id":"https:\/\/concise-h2020.eu\/sk\/#website"},"datePublished":"2019-01-24T13:22:56+00:00","dateModified":"2019-12-27T07:48:32+00:00","breadcrumb":{"@id":"https:\/\/concise-h2020.eu\/sk\/partners\/#breadcrumb"},"inLanguage":"sk-SK","potentialAction":[{"@type":"ReadAction","target":[["https:\/\/concise-h2020.eu\/sk\/partners\/"]]}]},{"@type":"BreadcrumbList","@id":"https:\/\/concise-h2020.eu\/sk\/partners\/#breadcrumb","itemListElement":[{"@type":"ListItem","position":1,"name":"Home","item":"https:\/\/concise-h2020.eu\/sk\/"},{"@type":"ListItem","position":2,"name":"Socios"}]},{"@type":"WebSite","@id":"https:\/\/concise-h2020.eu\/sk\/#website","url":"https:\/\/concise-h2020.eu\/sk\/","name":"Concise","description":"Concise in an H2020 project, with aim to explain science communication channels.","publisher":{"@id":"https:\/\/concise-h2020.eu\/sk\/#organization"},"potentialAction":[{"@type":"SearchAction","target":{"@type":"EntryPoint","urlTemplate":"https:\/\/concise-h2020.eu\/sk\/?s={search_term_string}"},"query-input":{"@type":"PropertyValueSpecification","valueRequired":true,"valueName":"search_term_string"}}],"inLanguage":"sk-SK"},{"@type":"Organization","@id":"https:\/\/concise-h2020.eu\/sk\/#organization","name":"Concise","url":"https:\/\/concise-h2020.eu\/sk\/","logo":{"@type":"ImageObject","inLanguage":"sk-SK","@id":"https:\/\/concise-h2020.eu\/sk\/#\/schema\/logo\/image\/","url":"https:\/\/concise-h2020.eu\/wp-content\/uploads\/2019\/01\/concise_logo_crpd.jpg","contentUrl":"https:\/\/concise-h2020.eu\/wp-content\/uploads\/2019\/01\/concise_logo_crpd.jpg","width":432,"height":124,"caption":"Concise"},"image":{"@id":"https:\/\/concise-h2020.eu\/sk\/#\/schema\/logo\/image\/"},"sameAs":["https:\/\/x.com\/ConciseEU"]}]}},"_links":{"self":[{"href":"https:\/\/concise-h2020.eu\/sk\/wp-json\/wp\/v2\/pages\/16","targetHints":{"allow":["GET"]}}],"collection":[{"href":"https:\/\/concise-h2020.eu\/sk\/wp-json\/wp\/v2\/pages"}],"about":[{"href":"https:\/\/concise-h2020.eu\/sk\/wp-json\/wp\/v2\/types\/page"}],"author":[{"embeddable":true,"href":"https:\/\/concise-h2020.eu\/sk\/wp-json\/wp\/v2\/users\/1"}],"replies":[{"embeddable":true,"href":"https:\/\/concise-h2020.eu\/sk\/wp-json\/wp\/v2\/comments?post=16"}],"version-history":[{"count":0,"href":"https:\/\/concise-h2020.eu\/sk\/wp-json\/wp\/v2\/pages\/16\/revisions"}],"wp:attachment":[{"href":"https:\/\/concise-h2020.eu\/sk\/wp-json\/wp\/v2\/media?parent=16"}],"curies":[{"name":"wp","href":"https:\/\/api.w.org\/{rel}","templated":true}]}}